{"id":8205,"date":"2019-05-22T19:37:04","date_gmt":"2019-05-22T22:37:04","guid":{"rendered":"https:\/\/www.conafisco.org.br\/xviiiconafisco\/xviiiconafisco\/?page_id=8205"},"modified":"2022-08-05T12:09:14","modified_gmt":"2022-08-05T15:09:14","slug":"processo-eleitoral","status":"publish","type":"page","link":"https:\/\/www.conafisco.org.br\/xviiiconafisco\/processo-eleitoral\/","title":{"rendered":"Processo Eleitoral"},"content":{"rendered":"<p>[vc_row css=&#8221;.vc_custom_1558565249826{padding-bottom: 60px !important;}&#8221;][vc_column][vc_custom_heading text=&#8221;Download de demais formul\u00e1rios&#8221; use_theme_fonts=&#8221;yes&#8221;][vc_column_text]<\/p>\n<div class=\"vc_span8 wpb_column vc_column_container \">\n<div class=\"vc_column-inner \">\n<div class=\"wpb_wrapper\">\n<div class=\"wpb_text_column wpb_content_element \">\n<div id=\"ct_brpp4bz6dra46s6j7gr2\" class=\"wpb_wrapper\">\n<ul>\n<li><a href=\"https:\/\/www.conafisco.org.br\/xviiiconafisco\/wp-content\/uploads\/2019\/07\/modelo_de_certidao_do_sindicato_eleicao_2019_conselho_fiscal.doc\" target=\"_blank\" rel=\"noopener noreferrer\">Certid\u00e3o do Sindicato \u2013 Conselho<\/a> <a href=\"https:\/\/www.conafisco.org.br\/xviiiconafisco\/wp-content\/uploads\/2019\/07\/modelo_de_certidao_do_sindicato_eleicao_2019_conselho_fiscal.doc\">Fiscal<\/a><\/li>\n<li><a href=\"https:\/\/www.conafisco.org.br\/xviiiconafisco\/wp-content\/uploads\/2019\/07\/modelo_de_certidao_do_sindicato_eleicao_2019_diretoria.doc\">Certid\u00e3o do Sindicato \u2013 Diretoria<\/a><\/li>\n<li><a href=\"https:\/\/www.conafisco.org.br\/xviiiconafisco\/wp-content\/uploads\/2019\/05\/modelo_de_declaracao_individual_de_nao_infrigencia_diretoria_executiva_eleicao_2019.doc\" target=\"_blank\" rel=\"noopener noreferrer\">Declara\u00e7\u00e3o Individual de N\u00e3o Infring\u00eancia \u2013 Diretoria Executiva<\/a><\/li>\n<li><a href=\"https:\/\/www.conafisco.org.br\/xviiiconafisco\/wp-content\/uploads\/2019\/05\/modelo_de_declaracao_individual_de_nao_infrigencia_conselho_fiscal_eleicao_2019.doc\" target=\"_blank\" rel=\"noopener noreferrer\">Declara\u00e7\u00e3o Individual de N\u00e3o Infring\u00eancia \u2013 Conselho Fiscal<\/a><\/li>\n<li><a href=\"https:\/\/www.conafisco.org.br\/xviiiconafisco\/wp-content\/uploads\/2019\/05\/modelo_de_pedido_de_registro_chapa_diretoria_executiva_eleicao_2019.doc\" target=\"_blank\" rel=\"noopener noreferrer\">Pedido de Registro \u2013 Chapa Diretoria Executiva<\/a><\/li>\n<li><a href=\"https:\/\/www.conafisco.org.br\/xviiiconafisco\/wp-content\/uploads\/2019\/05\/modelo_de_pedido_de_registro_conselho_fiscal_eleicao_2019.doc\" target=\"_blank\" rel=\"noopener noreferrer\">Pedido de Registro \u2013 Conselho Fiscal<\/a><\/li>\n<li><a href=\"https:\/\/www.conafisco.org.br\/xviiiconafisco\/wp-content\/uploads\/2019\/05\/modelo_de_termo_de_anuencia_individual_eleicao_2019.doc\" target=\"_blank\" rel=\"noopener noreferrer\">Termo de Anu\u00eancia Individual<\/a><\/li>\n<li><a href=\"https:\/\/www.conafisco.org.br\/xviiiconafisco\/wp-content\/uploads\/2019\/09\/18\u00ba-CONAFISCO-Delegados-19_09_2019.pdf\">Lista dos Delegados<\/a><\/li>\n<\/ul>\n<\/div>\n<\/div>\n<\/div>\n<\/div>\n<\/div>\n<p>[\/vc_column_text][\/vc_column][\/vc_row][vc_row type=&#8221;full-width-section&#8221; a_select=&#8221;1&#8243; a_bg_color=&#8221;#e6e6e6&#8243; css=&#8221;.vc_custom_1558481760656{margin-bottom: 0px !important;border-top-width: 1px !important;padding-top: 50px !important;padding-bottom: 25px !important;background-color: #e6e6e6 !important;border-top-color: #ebebeb !important;border-top-style: solid !important;}&#8221; parallax_background=&#8221;&#8221;][vc_column][vc_custom_heading text=&#8221;18\u00ba CONAFISCO | Congresso Nacional do Fisco Estadual e Distrital | 24 a 27 de setembro de 2019<br \/>\nEnotel &#8211; Ipojuca\/PE &#8211; Porto de Galinhas | www.enotel.com.br&#8221; font_container=&#8221;tag:h3|font_size:22|text_align:center|color:%23ba6b1e|line_height:30px&#8221; use_theme_fonts=&#8221;yes&#8221;][\/vc_column][\/vc_row]<\/p>\n","protected":false},"excerpt":{"rendered":"<p>[vc_row css=&#8221;.vc_custom_1558565249826{padding-bottom: 60px !important;}&#8221;][vc_column][vc_custom_heading text=&#8221;Download de demais formul\u00e1rios&#8221; use_theme_fonts=&#8221;yes&#8221;][vc_column_text] Certid\u00e3o do Sindicato \u2013 Conselho Fiscal Certid\u00e3o do Sindicato \u2013 Diretoria Declara\u00e7\u00e3o Individual de N\u00e3o Infring\u00eancia \u2013 Diretoria Executiva Declara\u00e7\u00e3o Individual de N\u00e3o Infring\u00eancia \u2013 Conselho Fiscal Pedido de Registro \u2013 Chapa Diretoria Executiva Pedido de Registro \u2013 Conselho Fiscal Termo de Anu\u00eancia Individual Lista dos<br \/><a href=\"https:\/\/www.conafisco.org.br\/xviiiconafisco\/processo-eleitoral\/\" class=\"more\">Read more<\/a><\/p>\n","protected":false},"author":4,"featured_media":0,"parent":0,"menu_order":2,"comment_status":"closed","ping_status":"closed","template":"","meta":[],"_links":{"self":[{"href":"https:\/\/www.conafisco.org.br\/xviiiconafisco\/wp-json\/wp\/v2\/pages\/8205"}],"collection":[{"href":"https:\/\/www.conafisco.org.br\/xviiiconafisco\/wp-json\/wp\/v2\/pages"}],"about":[{"href":"https:\/\/www.conafisco.org.br\/xviiiconafisco\/wp-json\/wp\/v2\/types\/page"}],"author":[{"embeddable":true,"href":"https:\/\/www.conafisco.org.br\/xviiiconafisco\/wp-json\/wp\/v2\/users\/4"}],"replies":[{"embeddable":true,"href":"https:\/\/www.conafisco.org.br\/xviiiconafisco\/wp-json\/wp\/v2\/comments?post=8205"}],"version-history":[{"count":17,"href":"https:\/\/www.conafisco.org.br\/xviiiconafisco\/wp-json\/wp\/v2\/pages\/8205\/revisions"}],"predecessor-version":[{"id":8325,"href":"https:\/\/www.conafisco.org.br\/xviiiconafisco\/wp-json\/wp\/v2\/pages\/8205\/revisions\/8325"}],"wp:attachment":[{"href":"https:\/\/www.conafisco.org.br\/xviiiconafisco\/wp-json\/wp\/v2\/media?parent=8205"}],"curies":[{"name":"wp","href":"https:\/\/api.w.org\/{rel}","templated":true}]}}